{"id":5266,"date":"2018-10-04T06:44:19","date_gmt":"2018-10-04T06:44:19","guid":{"rendered":"https:\/\/parcolagodigarda.com.graffitiweb.site\/home-city-hotel\/"},"modified":"2025-06-25T08:56:47","modified_gmt":"2025-06-25T08:56:47","slug":"home-city-hotel","status":"publish","type":"page","link":"https:\/\/parcolagodigarda.com\/en\/","title":{"rendered":"Residence Parco Lago di Garda Malcesine"},"content":{"rendered":"<div class=\"wpb-content-wrapper\"><p>[vc_row css=&#8221;.vc_custom_1538742114213{padding-top: 0px !important;padding-right: 0px !important;padding-bottom: 0px !important;padding-left: 0px !important;}&#8221;][vc_column]\n\t\t\t\t<p class=\"rs-p-wp-fix\"><\/p>\n\t\t\t\t<sr7-module data-alias=\"home-2-slider\" data-id=\"2\" id=\"SR7_2_1\" class=\"rs-ov-hidden\" data-version=\"6.7.30\">\n\t\t\t\t\t<sr7-adjuster><\/sr7-adjuster>\n\t\t\t\t\t<sr7-content>\n\t\t\t\t\t\t<sr7-slide id=\"SR7_2_1-4\" data-key=\"4\">\n\t\t\t\t\t\t\t<sr7-bg id=\"SR7_2_1-4-6\" class=\"sr7-layer\"><noscript><img decoding=\"async\" src=\"https:\/\/parcolagodigarda.com\/wp-content\/uploads\/2018\/10\/PHG-018.jpg\" alt=\"\" title=\"PHG 018\"><\/noscript><\/sr7-bg>\n\t\t\t\t\t\t\t<sr7-txt id=\"SR7_2_1-4-1\" class=\"sr7-layer\">Malcesine, Lago di Garda , Italia<\/sr7-txt>\n\t\t\t\t\t\t\t<sr7-txt id=\"SR7_2_1-4-2\" class=\"sr7-layer\">Residence Parco Lago di Garda<\/sr7-txt>\n\t\t\t\t\t\t\t<sr7-txt id=\"SR7_2_1-4-5\" class=\"sr7-layer\"><a target=\"_blank\"  href=\"https:\/\/www.secure-reservation.cloud\/booking-engine\/?portal=parcolago-malcesine&lang=it&fromDate=&toDate=\" class=\"milenia-btn milenia-btn--scheme-primary milenia-btn--big milenia-btn--unbordered\">BOOK NOW<\/a><\/sr7-txt>\n\t\t\t\t\t\t<\/sr7-slide>\n\t\t\t\t\t\t<sr7-slide id=\"SR7_2_1-24\" data-key=\"24\">\n\t\t\t\t\t\t\t<sr7-bg id=\"SR7_2_1-24-16\" class=\"sr7-layer\"><noscript><img decoding=\"async\" src=\"https:\/\/parcolagodigarda.com\/wp-content\/uploads\/2018\/10\/PHG-011.jpg\" alt=\"\" title=\"PHG 011\"><\/noscript><\/sr7-bg>\n\t\t\t\t\t\t\t<sr7-txt id=\"SR7_2_1-24-12\" class=\"sr7-layer\"><a href=\"https:\/\/www.secure-reservation.cloud\/booking-engine\/?portal=residencegoethe-malcesine&lang=it&fromDate=&toDate=\" class=\"milenia-btn milenia-btn--scheme-primary milenia-btn--big milenia-btn--unbordered\">BOOK NOW<\/a><\/sr7-txt>\n\t\t\t\t\t\t\t<sr7-txt id=\"SR7_2_1-24-13\" class=\"sr7-layer\">Residence Parco Lago di Garda<\/sr7-txt>\n\t\t\t\t\t\t\t<sr7-txt id=\"SR7_2_1-24-15\" class=\"sr7-layer\">Malcesine, Lago di Garda , Italia<\/sr7-txt>\n\t\t\t\t\t\t<\/sr7-slide>\n\t\t\t\t\t\t<sr7-slide id=\"SR7_2_1-18\" data-key=\"18\">\n\t\t\t\t\t\t<\/sr7-slide>\n\t\t\t\t\t<\/sr7-content>\n\t\t\t\t\t<image_lists style=\"display:none\">\n\t\t\t\t\t\t<img data-src=\"\/\/parcolagodigarda.com\/wp-content\/uploads\/2018\/10\/PHG-018.jpg\" data-libid=\"3628\" data-lib=\"medialibrary\" title=\"PHG 018\" width=\"0\" height=\"0\" data-dbsrc=\"Ly9wYXJjb2xhZ29kaWdhcmRhLmNvbS93cC1jb250ZW50L3VwbG9hZHMvMjAxOC8xMC9QSEctMDE4LmpwZw==\"\/>\n\t\t\t\t\t\t<img data-src=\"\/\/parcolagodigarda.com\/wp-content\/uploads\/2018\/10\/PHG-011.jpg\" data-libid=\"3630\" data-lib=\"medialibrary\" title=\"PHG 011\" width=\"0\" height=\"0\" data-dbsrc=\"Ly9wYXJjb2xhZ29kaWdhcmRhLmNvbS93cC1jb250ZW50L3VwbG9hZHMvMjAxOC8xMC9QSEctMDExLmpwZw==\"\/>\n\t\t\t\t\t<\/image_lists>\n\t\t\t\t<\/sr7-module>\n\t\t\t\t<script>\n\t\t\t\t\tSR7.PMH ??={}; SR7.PMH[\"SR7_2_1\"] = {cn:100,state:false,fn: function() { if (_tpt!==undefined && _tpt.prepareModuleHeight !== undefined) {  _tpt.prepareModuleHeight({id:\"SR7_2_1\",el:[868,868,768,960,720],type:'standard',shdw:'1',gh:[868,868,717,545,336],gw:[1240,1240,1024,778,480],vpt:['-100px'],size:{fullWidth:true, fullHeight:true},fho:'#milenia-header:not(.milenia-header--transparent-single),',mh:'0',onh:0,onw:0,bg:{color:'{\"type\":\"solid\",\"orig\":\"rgba(0, 0, 0, 0.5)\",\"string\":\"rgba(0, 0, 0, 0.5)\"}'},plType:'2',plColor:'#FFFFFF'});   SR7.PMH[\"SR7_2_1\"].state=true;} else if(SR7.PMH[\"SR7_2_1\"].cn-->0)\tsetTimeout( SR7.PMH[\"SR7_2_1\"].fn,19);}};SR7.PMH[\"SR7_2_1\" ].fn();\n\t\t\t\t<\/script>\n[\/vc_column][\/vc_row][vc_row full_width=&#8221;stretch_row_content_no_spaces&#8221; css=&#8221;.vc_custom_1744094477888{padding-top: 60px !important;padding-bottom: 60px !important;background-color: #f8f8f8 !important;}&#8221; el_class=&#8221;milenia-color&#8211;black&#8221;][vc_column offset=&#8221;vc_col-lg-offset-3 vc_col-lg-6&#8243; el_class=&#8221;text-center&#8221;]<!--================ Section Heading ================-->\n<script>\n    (function($){\n        'use strict';\n\n        if(!$) return;\n\n        $(function(){\n            if(window.appear) {\n                appear({\n                    elements: function(){\n                        return document.querySelectorAll('#vc-milenia-section-heading-7cf8c03bdec8ad8c5c1f1f0e1c5f6bb2-1777456385209884471');\n                    },\n                    appear: function(element) {\n                        var $el = $(element);\n                        $el.addClass('milenia-visible').addClass($el.data('animation'));\n                    },\n                    reappear: false,\n                    bounds: -200\n                });\n            }\n        });\n    })(window.jQuery);\n<\/script>\n<div id=\"vc-milenia-section-heading-7cf8c03bdec8ad8c5c1f1f0e1c5f6bb2-1777456385209884471\" class=\"milenia-section-heading text-center vc_custom_1747641837785 milenia-visible\" data-animation=\"none\">\n    <h6 class=\"milenia-section-subtitle milenia-font--like-body\" style=\"font-size: 14px;line-height: 20px;letter-spacing: 4.2px;margin-bottom: 10px;text-transform: uppercase;font-style: normal;font-weight: 400;\">MALCESINE<\/h6>\n\n    <h2 class=\"milenia-section-title milenia-font--first-accented\" style=\"font-size: 52px;line-height: 58px;margin-bottom: 37px;text-transform: none;font-style: normal;font-weight: 400;\">RESIDENCE PARCO LAGO DI GARDA<\/h2>\n\n    \n<\/div>\n<!--================ End of Section Heading ================-->\n[vc_column_text css=&#8221;.vc_custom_1750840831030{margin-bottom: 25px !important;}&#8221;]<\/p>\n<p style=\"text-align: center;\">Residence Parco Lago di Garda is situated in a peaceful and sunny location with a fine lake view, just 50 meters from the lake and 200 meters from the beautiful Campagnola Bay.<\/p>\n<p>[\/vc_column_text][\/vc_column][\/vc_row][vc_row full_width=&#8221;stretch_row_content_no_spaces&#8221; css=&#8221;.vc_custom_1538636679161{padding-top: 0px !important;padding-bottom: 0px !important;}&#8221;][vc_column]<!--================ Info Boxes ================-->\n<script>\n    (function($){\n        'use strict';\n\n        if(!$) return;\n\n        $(function(){\n            var $container = $('#vc-milenia-info-boxes-abaa5352a4e7c3cac2470960b6dbe8cb-17774563851662422803'),\n                $dynamicBgElements,\n                $carousels;\n\n            if(!$container.length) return;\n\n            if(window.appear) {\n                appear({\n                    elements: function(){\n                        return document.querySelectorAll('#vc-milenia-info-boxes-abaa5352a4e7c3cac2470960b6dbe8cb-17774563851662422803');\n                    },\n                    appear: function(element) {\n                        var $el = $(element);\n                        $el.addClass('milenia-visible').addClass($el.data('animation'));\n                    },\n                    reappear: false,\n                    bounds: -200\n                });\n            }\n\n            if(window.Milenia && window.Milenia.LinkUnderliner) {\n                window.Milenia.LinkUnderliner.init($container.find('a'));\n            }\n\n            if(window.Milenia && window.Milenia.helpers &&  window.Milenia.helpers.dynamicBgImage) {\n                $dynamicBgElements = $container.find('[data-bg-image-src]');\n                if($dynamicBgElements.length) window.Milenia.helpers.dynamicBgImage($dynamicBgElements);\n            }\n\n            if($.fn.owlCarousel) {\n                $carousels = $container.find('.milenia-simple-slideshow--shortcode');\n\n                if($carousels.length) {\n                    if(window.Milenia && window.Milenia.helpers && window.Milenia.helpers.owlSettings) {\n\n                        $carousels.jQueryImagesLoaded().then(function(){\n                                $carousels.each(function(i,e) {\n                                    $(e).owlCarousel(window.Milenia.helpers.owlSettings({\n                                        margin: 1,\n                                        loop: true,\n                                        autoplay: $(e).hasClass('milenia-simple-slideshow--autoplay')\n                                    }));\n                                });\n                        });\n\n                    }\n                    else {\n                        $carousels.owlCarousel({\n                            items: 1\n                        });\n                    }\n                }\n            }\n        });\n    })(window.jQuery);\n<\/script>\n\n<div id=\"vc-milenia-info-boxes-abaa5352a4e7c3cac2470960b6dbe8cb-17774563851662422803\" class=\"milenia-entities milenia-entities--style-3 milenia-entities--unreverse milenia-entities--unfilled  milenia-visible\" data-animation=\"none\">\n    <div class=\"milenia-grid milenia-grid--cols-1 milenia-grid--no-gutters\">\n        <!--================ Info Boxes Item ================-->\n<div class=\"milenia-grid-item\">\n    <article class=\"milenia-entity milenia-entity--format-slideshow\">\n        <div class=\"milenia-entity-media\">\n    <div class=\"owl-carousel milenia-simple-slideshow milenia-simple-slideshow--shortcode owl-carousel--vadaptive\">\n        <div style=\"background-image: url(https:\/\/parcolagodigarda.com\/wp-content\/uploads\/2018\/10\/PHG-011.jpg)\" data-bg-image-src=\"https:\/\/parcolagodigarda.com\/wp-content\/uploads\/2018\/10\/PHG-011.jpg\" class=\"milenia-entity-slide\"><\/div><div style=\"background-image: url(https:\/\/parcolagodigarda.com\/wp-content\/uploads\/2018\/10\/PHG-019.jpg)\" data-bg-image-src=\"https:\/\/parcolagodigarda.com\/wp-content\/uploads\/2018\/10\/PHG-019.jpg\" class=\"milenia-entity-slide\"><\/div><div style=\"background-image: url(https:\/\/parcolagodigarda.com\/wp-content\/uploads\/2018\/10\/PHG-004.jpg)\" data-bg-image-src=\"https:\/\/parcolagodigarda.com\/wp-content\/uploads\/2018\/10\/PHG-004.jpg\" class=\"milenia-entity-slide\"><\/div><div style=\"background-image: url(https:\/\/parcolagodigarda.com\/wp-content\/uploads\/2018\/10\/PHG-009.jpg)\" data-bg-image-src=\"https:\/\/parcolagodigarda.com\/wp-content\/uploads\/2018\/10\/PHG-009.jpg\" class=\"milenia-entity-slide\"><\/div>\n    <\/div>\n<\/div>\n\n\n        <div class=\"milenia-entity-content milenia-aligner\">\n            <div class=\"milenia-aligner-outer\">\n                <div class=\"milenia-aligner-inner\">\n                    <header class=\"milenia-entity-header\">\n                        <div class=\"milenia-entity-meta\">\n    <div class=\"milenia-entity-categories\">\n        <span><a href=\"\/en\/residence\/\"    class=\"milenia-color--unchangeable\">MORE<\/a><\/span>\n    <\/div>\n<\/div>\n\n                        <h2 class=\"milenia-entity-title\">Residence<\/h2>\n\n                    <\/header>\n                    <div class=\"milenia-entity-body\"><p>Residence Parco Lago di Garda is just a few minutes from the historic center of Malcesine and the panoramic cableway Monte Baldo easily reachable by walking or cycling along the lake on the new cycle-track.<\/p>\n<\/div>\n\n                    <footer class=\"milenia-entity-footer\">\n    <a href=\"\/en\/residence\/\"    class=\"milenia-btn\">MORE<\/a>\n<\/footer>\n\n                <\/div>\n            <\/div>\n        <\/div>\n    <\/article>\n<\/div>\n<!--================ End of Info Boxes Item ================-->\n\r\n<!--================ Info Boxes Item ================-->\n<div class=\"milenia-grid-item\">\n    <article class=\"milenia-entity milenia-entity--format-slideshow\">\n        <div class=\"milenia-entity-media\">\n    <div class=\"owl-carousel milenia-simple-slideshow milenia-simple-slideshow--shortcode owl-carousel--vadaptive\">\n        <div style=\"background-image: url(https:\/\/parcolagodigarda.com\/wp-content\/uploads\/2018\/10\/PHG-015.jpg)\" data-bg-image-src=\"https:\/\/parcolagodigarda.com\/wp-content\/uploads\/2018\/10\/PHG-015.jpg\" class=\"milenia-entity-slide\"><\/div><div style=\"background-image: url(https:\/\/parcolagodigarda.com\/wp-content\/uploads\/2018\/10\/PHG-009.jpg)\" data-bg-image-src=\"https:\/\/parcolagodigarda.com\/wp-content\/uploads\/2018\/10\/PHG-009.jpg\" class=\"milenia-entity-slide\"><\/div><div style=\"background-image: url(https:\/\/parcolagodigarda.com\/wp-content\/uploads\/2018\/10\/PHG-018.jpg)\" data-bg-image-src=\"https:\/\/parcolagodigarda.com\/wp-content\/uploads\/2018\/10\/PHG-018.jpg\" class=\"milenia-entity-slide\"><\/div>\n    <\/div>\n<\/div>\n\n\n        <div class=\"milenia-entity-content milenia-aligner\">\n            <div class=\"milenia-aligner-outer\">\n                <div class=\"milenia-aligner-inner\">\n                    <header class=\"milenia-entity-header\">\n                        <div class=\"milenia-entity-meta\">\n    <div class=\"milenia-entity-categories\">\n        <span><a href=\"\/en\/appartamenti\/\"    class=\"milenia-color--unchangeable\">MORE<\/a><\/span>\n    <\/div>\n<\/div>\n\n                        <h2 class=\"milenia-entity-title\">Apartments<\/h2>\n\n                    <\/header>\n                    <div class=\"milenia-entity-body\"><p>We offer you one-room apartments and 2-rooms apartments , all with lake view, on the ground floor with garden or on the first floor with balcony.<\/p>\n<\/div>\n\n                    <footer class=\"milenia-entity-footer\">\n    <a href=\"\/en\/appartamenti\/\"    class=\"milenia-btn\">MORE<\/a>\n<\/footer>\n\n                <\/div>\n            <\/div>\n        <\/div>\n    <\/article>\n<\/div>\n<!--================ End of Info Boxes Item ================-->\n\n    <\/div>\n<\/div>\n<!--================ End of Info Boxes ================-->\n[\/vc_column][\/vc_row][vc_row full_width=&#8221;stretch_row&#8221; parallax=&#8221;content-moving&#8221; parallax_image=&#8221;3028&#8243; parallax_speed_bg=&#8221;2.5&#8243; bg_media_opacity=&#8221;0.1&#8243; css=&#8221;.vc_custom_1743414678264{background-color: #948685 !important;}&#8221;][vc_column offset=&#8221;vc_col-lg-offset-2 vc_col-lg-8&#8243;]<!--================ Testimonials ================-->\n<script>\n    (function($){\n        'use strict';\n\n        var $container, $grid, $bgImages, $noGridCarousel;\n\n        if(!$) return;\n\n        $(function() {\n            \/\/ Check all necessary modules have been included\n            if(!window.Milenia || !$.fn.jQueryImagesLoaded) return;\n\n            $container = $('#vc-milenia-testimonials-2b8b554684090a2b342daaf0c89adf98-17774563851878744243');\n            $bgImages = $container.find('[data-bg-image-src]');\n            $grid = $container.find('.milenia-grid.owl-carousel');\n            $noGridCarousel = $container.find('.milenia-testimonials-inner.owl-carousel');\n\n            if(!$container.length) return;\n\n            if(window.appear) {\n                appear({\n                    elements: function(){\n                        return document.querySelectorAll('#vc-milenia-testimonials-2b8b554684090a2b342daaf0c89adf98-17774563851878744243');\n                    },\n                    appear: function(element) {\n                        var $el = $(element);\n                        $el.addClass('milenia-visible').addClass($el.data('animation'));\n                    },\n                    reappear: false,\n                    bounds: -200\n                });\n            }\n\n            if ( $grid.length && Milenia.helpers && Milenia.helpers.gridOwl ) {\n\n\t            var autoplay_carousel = $container.data('autoplay'),\n\t                autoplay_timeout = $container.data('autoplaytimeout') ? $container.data('autoplaytimeout') : 3000;\n\n                $container.jQueryImagesLoaded().then(function(){\n                    Milenia.helpers.gridOwl.extendConfigFor('#vc-milenia-testimonials-2b8b554684090a2b342daaf0c89adf98-17774563851878744243', {\n                        nav: false,\n                        dots: true,\n                        startPosition: 1,\n\t                    autoplay: autoplay_carousel,\n\t                    autoplayTimeout: autoplay_timeout,\n                        loop: true\n                    });\n\n                    Milenia.helpers.gridOwl.add($grid);\n                });\n            } else if( $noGridCarousel.length && Milenia.helpers && Milenia.helpers.owlSettings && $.fn.owlCarousel ) {\n                $noGridCarousel.owlCarousel(Milenia.helpers.owlSettings({\n                    margin: 0,\n                    autoplay: true,\n                    loop: true,\n                    nav: false,\n                    dots: true\n                }));\n            }\n\n            if($bgImages.length && Milenia.helpers && Milenia.helpers.dynamicBgImage) {\n                Milenia.helpers.dynamicBgImage($bgImages);\n            }\n\n            if(Milenia.helpers.rating) {\n                Milenia.helpers.rating($('#vc-milenia-testimonials-2b8b554684090a2b342daaf0c89adf98-17774563851878744243 .milenia-rating:not(.milenia-rating--independent)'), {\n                    topLevelElements: null,\n                    bottomLevelElements: '<i class=\"icon icon-star\"><\/i>'\n                });\n            }\n\n            if(window.Milenia.LinkUnderliner) {\n                window.Milenia.LinkUnderliner.init($container.find('a'));\n            }\n        });\n    })(window.jQuery);\n<\/script>\n\n<div id=\"vc-milenia-testimonials-2b8b554684090a2b342daaf0c89adf98-17774563851878744243\" class=\"milenia-testimonials milenia-testimonials--style-1  milenia-visible\" data-autoplay=\"false\" data-autoplaytimeout=\"3000\" data-animation=\"none\" data-css-row=\"#vc-milenia-testimonials-2b8b554684090a2b342daaf0c89adf98-17774563851878744243 .owl-dots .owl-dot{background-color:#ffffff;}\">\n    <div class=\"milenia-grid milenia-grid--cols-1 milenia-grid--shortcode owl-carousel\">\n        \n<div class=\"milenia-grid-item post-5263 milenia-testimonials type-milenia-testimonials status-publish hentry\">\n\t<!--================ Testimonial ================-->\n\t<div class=\"milenia-testimonial\">\n\t\t\n\t\t<blockquote aria-labelledby=\"testimonial-cite-vc-milenia-testimonials-2b8b554684090a2b342daaf0c89adf98-177745638518787442435263\" class=\"milenia-blockquote--unstyled milenia-text-color--darkest\" style=\"color: #ffffff;\">\n\t\t\t<p>\u00abWie sehr w\u00fcnschte ich meine Freunde einen Augenblick neben mich, da\u00df sie sich der Aussicht freuen k\u00f6nnten, die vor mir liegt! \u00bb<\/p>\n\t\t<\/blockquote>\n\t\t<footer class=\"milenia-author\">\n\t\t\t\n\t\t\t<div class=\"milenia-author-info\">\n\t\t\t\t<cite id=\"testimonial-cite-vc-milenia-testimonials-2b8b554684090a2b342daaf0c89adf98-177745638518787442435263\" style=\"color: #ececec;\">\n\t\t\t\t\t<a href=\"https:\/\/parcolagodigarda.com\/de\/testimonials\/goethe-viaggio-in-italia-12-settembre-1786\/\" class=\"milenia-ln--independent\">Goethe, Italienische Reise, 12. September 1786<\/a>\n\t\t\t\t<\/cite>\n\n\t\t\t\t\t\t\t<\/div>\n\t\t<\/footer>\n\t<\/div>\n\t<!--================ End of Testimonial ================-->\n<\/div>\n\n<div class=\"milenia-grid-item post-5261 milenia-testimonials type-milenia-testimonials status-publish hentry\">\n\t<!--================ Testimonial ================-->\n\t<div class=\"milenia-testimonial\">\n\t\t\n\t\t<blockquote aria-labelledby=\"testimonial-cite-vc-milenia-testimonials-2b8b554684090a2b342daaf0c89adf98-177745638518787442435261\" class=\"milenia-blockquote--unstyled milenia-text-color--darkest\" style=\"color: #ffffff;\">\n\t\t\t<p>\u00abI wish I could get my friends beside to enjoy together the scenery that appears before me.\u00bb<\/p>\n\t\t<\/blockquote>\n\t\t<footer class=\"milenia-author\">\n\t\t\t\n\t\t\t<div class=\"milenia-author-info\">\n\t\t\t\t<cite id=\"testimonial-cite-vc-milenia-testimonials-2b8b554684090a2b342daaf0c89adf98-177745638518787442435261\" style=\"color: #ececec;\">\n\t\t\t\t\t<a href=\"https:\/\/parcolagodigarda.com\/en\/testimonials\/goethe-viaggio-in-italia-12-settembre-1786\/\" class=\"milenia-ln--independent\">Goethe, Italian Journey, September 12th 1786.<\/a>\n\t\t\t\t<\/cite>\n\n\t\t\t\t\t\t\t<\/div>\n\t\t<\/footer>\n\t<\/div>\n\t<!--================ End of Testimonial ================-->\n<\/div>\n\n<div class=\"milenia-grid-item post-487 milenia-testimonials type-milenia-testimonials status-publish hentry\">\n\t<!--================ Testimonial ================-->\n\t<div class=\"milenia-testimonial\">\n\t\t\n\t\t<blockquote aria-labelledby=\"testimonial-cite-vc-milenia-testimonials-2b8b554684090a2b342daaf0c89adf98-17774563851878744243487\" class=\"milenia-blockquote--unstyled milenia-text-color--darkest\" style=\"color: #ffffff;\">\n\t\t\t<p>\u00abQuanto vorrei avere i miei amici accanto per godere insieme del panorama che mi si presenta dinanzi!\u00bb<\/p>\n\t\t<\/blockquote>\n\t\t<footer class=\"milenia-author\">\n\t\t\t\n\t\t\t<div class=\"milenia-author-info\">\n\t\t\t\t<cite id=\"testimonial-cite-vc-milenia-testimonials-2b8b554684090a2b342daaf0c89adf98-17774563851878744243487\" style=\"color: #ececec;\">\n\t\t\t\t\t<a href=\"https:\/\/parcolagodigarda.com\/testimonials\/goethe-viaggio-in-italia-12-settembre-1786\/\" class=\"milenia-ln--independent\">Goethe, Viaggio in Italia, 12 settembre 1786.<\/a>\n\t\t\t\t<\/cite>\n\n\t\t\t\t\t\t\t<\/div>\n\t\t<\/footer>\n\t<\/div>\n\t<!--================ End of Testimonial ================-->\n<\/div>\n\n    <\/div>\n<\/div>\n<!--================ End of Testimonials ================-->\n[\/vc_column][\/vc_row][vc_row full_width=&#8221;stretch_row_content_no_spaces&#8221; css=&#8221;.vc_custom_1538637354197{padding-top: 0px !important;padding-bottom: 0px !important;}&#8221;][vc_column]<!--================ Info Boxes ================-->\n<script>\n    (function($){\n        'use strict';\n\n        if(!$) return;\n\n        $(function(){\n            var $container = $('#vc-milenia-info-boxes-ae3ae1017db7935dbbc07c8810f93bf7-1777456385264893815'),\n                $dynamicBgElements,\n                $carousels;\n\n            if(!$container.length) return;\n\n            if(window.appear) {\n                appear({\n                    elements: function(){\n                        return document.querySelectorAll('#vc-milenia-info-boxes-ae3ae1017db7935dbbc07c8810f93bf7-1777456385264893815');\n                    },\n                    appear: function(element) {\n                        var $el = $(element);\n                        $el.addClass('milenia-visible').addClass($el.data('animation'));\n                    },\n                    reappear: false,\n                    bounds: -200\n                });\n            }\n\n            if(window.Milenia && window.Milenia.LinkUnderliner) {\n                window.Milenia.LinkUnderliner.init($container.find('a'));\n            }\n\n            if(window.Milenia && window.Milenia.helpers &&  window.Milenia.helpers.dynamicBgImage) {\n                $dynamicBgElements = $container.find('[data-bg-image-src]');\n                if($dynamicBgElements.length) window.Milenia.helpers.dynamicBgImage($dynamicBgElements);\n            }\n\n            if($.fn.owlCarousel) {\n                $carousels = $container.find('.milenia-simple-slideshow--shortcode');\n\n                if($carousels.length) {\n                    if(window.Milenia && window.Milenia.helpers && window.Milenia.helpers.owlSettings) {\n\n                        $carousels.jQueryImagesLoaded().then(function(){\n                                $carousels.each(function(i,e) {\n                                    $(e).owlCarousel(window.Milenia.helpers.owlSettings({\n                                        margin: 1,\n                                        loop: true,\n                                        autoplay: $(e).hasClass('milenia-simple-slideshow--autoplay')\n                                    }));\n                                });\n                        });\n\n                    }\n                    else {\n                        $carousels.owlCarousel({\n                            items: 1\n                        });\n                    }\n                }\n            }\n        });\n    })(window.jQuery);\n<\/script>\n\n<div id=\"vc-milenia-info-boxes-ae3ae1017db7935dbbc07c8810f93bf7-1777456385264893815\" class=\"milenia-entities milenia-entities--style-2 milenia-entities--unreverse  milenia-visible\" data-animation=\"none\">\n    <div class=\"milenia-grid milenia-grid--cols-3 milenia-grid--no-gutters\">\n        <!--================ Info Boxes Item ================-->\n<div class=\"milenia-grid-item\">\n    <article class=\"milenia-entity milenia-entity--scheme-light\">\n        <div data-bg-image-src=\"https:\/\/parcolagodigarda.com\/wp-content\/uploads\/2018\/10\/foto-malcesine-037red.jpg\" style=\"background-image: url(https:\/\/parcolagodigarda.com\/wp-content\/uploads\/2018\/10\/foto-malcesine-037red.jpg)\" class=\"milenia-entity-media\"><\/div>\n\n\n        <div class=\"milenia-entity-content milenia-aligner\">\n            <div class=\"milenia-aligner-outer\">\n                <div class=\"milenia-aligner-inner\">\n                    <header class=\"milenia-entity-header\">\n                        <div class=\"milenia-entity-meta\">\n    <div class=\"milenia-entity-categories\">\n        <span><a href=\"\/en\/eventi\/\"    class=\"milenia-color--unchangeable\">MORE<\/a><\/span>\n    <\/div>\n<\/div>\n\n                        <h2 class=\"milenia-entity-title\">Events<\/h2>\n\n                    <\/header>\n                    <div class=\"milenia-entity-body\"><p>Discover all the events and shows in Malcesine and its surroundings!<\/p>\n<\/div>\n\n                    <footer class=\"milenia-entity-footer\">\n    <a href=\"\/en\/eventi\/\"    class=\"milenia-btn milenia-btn--link milenia-btn--scheme-primary\">MORE<\/a>\n<\/footer>\n\n                <\/div>\n            <\/div>\n        <\/div>\n    <\/article>\n<\/div>\n<!--================ End of Info Boxes Item ================-->\n\r\n<!--================ Info Boxes Item ================-->\n<div class=\"milenia-grid-item\">\n    <article class=\"milenia-entity milenia-entity--scheme-primary\">\n        <div data-bg-image-src=\"https:\/\/parcolagodigarda.com\/wp-content\/uploads\/2018\/09\/DSC6580.jpg\" style=\"background-image: url(https:\/\/parcolagodigarda.com\/wp-content\/uploads\/2018\/09\/DSC6580.jpg)\" class=\"milenia-entity-media\"><\/div>\n\n\n        <div class=\"milenia-entity-content milenia-aligner\">\n            <div class=\"milenia-aligner-outer\">\n                <div class=\"milenia-aligner-inner\">\n                    <header class=\"milenia-entity-header\">\n                        <div class=\"milenia-entity-meta\">\n    <div class=\"milenia-entity-categories\">\n        <span><a href=\"\/en\/attivita\/\"    class=\"milenia-color--unchangeable\">MORE<\/a><\/span>\n    <\/div>\n<\/div>\n\n                        <h2 class=\"milenia-entity-title\">Malcesine<\/h2>\n\n                    <\/header>\n                    <div class=\"milenia-entity-body\"><p>Malcesine, the most popular holiday destination on Lake Garda!<\/p>\n<\/div>\n\n                    <footer class=\"milenia-entity-footer\">\n    <a href=\"\/en\/attivita\/\"    class=\"milenia-btn milenia-btn--link milenia-btn--scheme-primary\">MORE<\/a>\n<\/footer>\n\n                <\/div>\n            <\/div>\n        <\/div>\n    <\/article>\n<\/div>\n<!--================ End of Info Boxes Item ================-->\n\r\n<!--================ Info Boxes Item ================-->\n<div class=\"milenia-grid-item\">\n    <article class=\"milenia-entity milenia-entity--scheme-light\">\n        <div data-bg-image-src=\"https:\/\/parcolagodigarda.com\/wp-content\/uploads\/2011\/01\/dsc20050727_091048_222.jpg\" style=\"background-image: url(https:\/\/parcolagodigarda.com\/wp-content\/uploads\/2011\/01\/dsc20050727_091048_222.jpg)\" class=\"milenia-entity-media\"><\/div>\n\n\n        <div class=\"milenia-entity-content milenia-aligner\">\n            <div class=\"milenia-aligner-outer\">\n                <div class=\"milenia-aligner-inner\">\n                    <header class=\"milenia-entity-header\">\n                        <div class=\"milenia-entity-meta\">\n    <div class=\"milenia-entity-categories\">\n        <span><a href=\"\/en\/contatti\/\"    class=\"milenia-color--unchangeable\">MORE<\/a><\/span>\n    <\/div>\n<\/div>\n\n                        <h2 class=\"milenia-entity-title\">Contacts<\/h2>\n\n                    <\/header>\n                    <div class=\"milenia-entity-body\"><p>Contact us, we will reply as soon as possible<\/p>\n<\/div>\n\n                    <footer class=\"milenia-entity-footer\">\n    <a href=\"\/en\/contatti\/\"    class=\"milenia-btn milenia-btn--link milenia-btn--scheme-primary\">MORE<\/a>\n<\/footer>\n\n                <\/div>\n            <\/div>\n        <\/div>\n    <\/article>\n<\/div>\n<!--================ End of Info Boxes Item ================-->\n\n    <\/div>\n<\/div>\n<!--================ End of Info Boxes ================-->\n[\/vc_column][\/vc_row][vc_row full_width=&#8221;stretch_row_content_no_spaces&#8221; disable_element=&#8221;yes&#8221; css=&#8221;.vc_custom_1743580296632{padding-top: 0px !important;padding-bottom: 0px !important;}&#8221;][vc_column]<!--================ Flexible Grid ================-->\n<script>\n    (function($){\n        'use strict';\n\n        if(!$) return;\n\n        $(function(){\n            if(window.appear) {\n                appear({\n                    elements: function(){\n                        return document.querySelectorAll('#vc-milenia-flexible-grid-container-55d34328c57baea43d63a3ddf0e6fcdd-17774563851547940953');\n                    },\n                    appear: function(element) {\n                        var $el = $(element);\n                        $el.addClass('milenia-visible').addClass($el.data('animation'));\n                    },\n                    reappear: false,\n                    bounds: -200\n                });\n            }\n        });\n    })(window.jQuery);\n<\/script>\n<div id=\"vc-milenia-flexible-grid-container-55d34328c57baea43d63a3ddf0e6fcdd-17774563851547940953\" class=\"milenia-flexible-grid  milenia-visible\" data-animation=\"none\">\n    <!--================ Flexible Grid Column ================-->\n<div id=\"vc-milenia-flexible-grid-col-e8051f1e0378aa72713aa324e193d2b9-1777456385885697029\" class=\"milenia-aligner milenia-aligner--valign-middle text-center milenia-flexible-grid-col-12 milenia-flexible-grid-col-xxxl-4 milenia-flexible-grid-col-xxl-4 milenia-flexible-grid-col-xl-4 milenia-flexible-grid-col-lg-4 milenia-flexible-grid-col-md-12 milenia-flexible-grid-col-sm-12 milenia-body--scheme-gray milenia-visible\" data-compose-mode-col-classes=\"milenia-aligner--valign-middle text-center milenia-flexible-grid-col-12 milenia-flexible-grid-col-xxxl-4 milenia-flexible-grid-col-xxl-4 milenia-flexible-grid-col-xl-4 milenia-flexible-grid-col-lg-4 milenia-flexible-grid-col-md-12 milenia-flexible-grid-col-sm-12 milenia-body--scheme-gray milenia-visible\" data-css-row=\"#vc-milenia-flexible-grid-col-e8051f1e0378aa72713aa324e193d2b9-1777456385885697029{color:#eaeaea;}#vc-milenia-flexible-grid-col-e8051f1e0378aa72713aa324e193d2b9-1777456385885697029{padding-top:90px;padding-right:30px;padding-bottom:90px;padding-left:30px;}\">\n    <div class=\"milenia-aligner-outer\">\n        <div class=\"milenia-aligner-inner\">\n            <!--================ Section Heading ================-->\n<script>\n    (function($){\n        'use strict';\n\n        if(!$) return;\n\n        $(function(){\n            if(window.appear) {\n                appear({\n                    elements: function(){\n                        return document.querySelectorAll('#vc-milenia-section-heading-795f2d8c3003c5702cf858e873af983e-1777456385625041635');\n                    },\n                    appear: function(element) {\n                        var $el = $(element);\n                        $el.addClass('milenia-visible').addClass($el.data('animation'));\n                    },\n                    reappear: false,\n                    bounds: -200\n                });\n            }\n        });\n    })(window.jQuery);\n<\/script>\n<div id=\"vc-milenia-section-heading-795f2d8c3003c5702cf858e873af983e-1777456385625041635\" class=\"milenia-section-heading text-center  milenia-visible\" data-animation=\"none\">\n    <h6 class=\"milenia-section-subtitle milenia-font--like-body\" style=\"color: #ffffff;font-size: 14px;line-height: 20px;letter-spacing: 4.2px;margin-bottom: 10px;text-transform: uppercase;font-style: normal;font-weight: 400;\">residence goethe<\/h6>\n\n    <h2 class=\"milenia-section-title milenia-font--first-accented\" style=\"color: #ffffff;font-size: 52px;line-height: 58px;margin-bottom: 37px;text-transform: none;font-style: normal;font-weight: 400;\">Richiedi Informazioni<\/h2>\n\n    \n<\/div>\n<!--================ End of Section Heading ================-->\n<script>\n    (function($){\n        'use strict';\n\n        if(!$) return;\n\n        $(function(){\n            if(window.appear) {\n                appear({\n                    elements: function(){\n                        return document.querySelectorAll('#vc-milenia-button-ba9265841d7ab60fe462f2802bddc188-17774563851915205374');\n                    },\n                    appear: function(element) {\n                        var $el = $(element);\n                        $el.addClass('milenia-visible').addClass($el.data('animation'));\n                    },\n                    reappear: false,\n                    bounds: -200\n                });\n            }\n        });\n    })(window.jQuery);\n<\/script>\n<div id=\"vc-milenia-button-ba9265841d7ab60fe462f2802bddc188-17774563851915205374\" class=\"milenia-button-container text-center milenia-visible\" data-animation=\"none\">\n    <a href=\"https:\/\/parcolagodigarda.com\/contatti\/\"\n       role=\"button\"\n       class=\"milenia-btn milenia-btn--medium vc_custom_1743501972862 milenia-font--like-body\"\n       title=\"Contatti\"\n       target=\"_self\"\n       rel=\"\"\n       style=\"font-style: normal; letter-spacing: 1.8px; font-weight: 200; text-transform: uppercase;color: #FFFFFF;\">Invia un messaggio<\/a>\n<\/div>\n\n        <\/div>\n    <\/div>\n    <div class=\"milenia-colorizer--scheme-primary\"   data-bg-image-opacity=\"1\"><\/div>\n    <script>\n        (function($){\n            'use strict';\n\n            if(!$) return;\n\n            $(function() {\n                var $container = $('#vc-milenia-flexible-grid-col-e8051f1e0378aa72713aa324e193d2b9-1777456385885697029'), script, $colorizer;\n\n                if(!$container.length) return;\n\n                if(window.appear) {\n                    appear({\n                        elements: function(){\n                            return document.querySelectorAll('#vc-milenia-flexible-grid-col-e8051f1e0378aa72713aa324e193d2b9-1777456385885697029');\n                        },\n                        appear: function(element) {\n                            var $el = $(element);\n                            $el.addClass('milenia-visible').addClass($el.data('animation'));\n                        },\n                        reappear: false,\n                        bounds: -200\n                    });\n                }\n\n                if($.Milenia && $.Milenia.helpers && $.Milenia.helpers.composerFlexibleGrid) {\n                    $.Milenia.helpers.composerFlexibleGrid.init($container);\n                }\n\n                script = $container.find('script');\n                $colorizer = $container.find('[class*=\"milenia-colorizer-\"]');\n\n                if(script.length) script.not(script.first()).remove();\n                if($colorizer.length) {\n                    $colorizer.not($colorizer.first()).remove();\n                    if(window.Milenia && window.Milenia.helpers && window.Milenia.helpers.Colorizer) window.Milenia.helpers.Colorizer.init($colorizer);\n                }\n            });\n        })(window.jQuery);\n    <\/script>\n<\/div>\n<!--================ End of Flexible Grid Column  ================-->\n<!--================ Flexible Grid Column ================-->\n<div id=\"vc-milenia-flexible-grid-col-20cd09719c5f55c13f1cefa98116327c-1777456385297589658\" class=\"milenia-aligner milenia-aligner--valign-middle text-center milenia-flexible-grid-col-12 milenia-flexible-grid-col-xxxl-8 milenia-flexible-grid-col-xxl-8 milenia-flexible-grid-col-xl-8 milenia-flexible-grid-col-lg-8 milenia-flexible-grid-col-md-12 milenia-flexible-grid-col-sm-12 milenia-visible\" data-compose-mode-col-classes=\"milenia-aligner--valign-middle text-center milenia-flexible-grid-col-12 milenia-flexible-grid-col-xxxl-8 milenia-flexible-grid-col-xxl-8 milenia-flexible-grid-col-xl-8 milenia-flexible-grid-col-lg-8 milenia-flexible-grid-col-md-12 milenia-flexible-grid-col-sm-12 milenia-visible\" data-css-row=\"#vc-milenia-flexible-grid-col-20cd09719c5f55c13f1cefa98116327c-1777456385297589658{padding-top:90px;padding-right:30px;padding-bottom:90px;padding-left:30px;}@media all and (min-width: 1600px){#vc-milenia-flexible-grid-col-20cd09719c5f55c13f1cefa98116327c-1777456385297589658{padding-right:144px;padding-left:216px;}}\">\n    <div class=\"milenia-aligner-outer\">\n        <div class=\"milenia-aligner-inner\">\n            <!--================ Section Heading ================-->\n<script>\n    (function($){\n        'use strict';\n\n        if(!$) return;\n\n        $(function(){\n            if(window.appear) {\n                appear({\n                    elements: function(){\n                        return document.querySelectorAll('#vc-milenia-section-heading-35ece227332b2c89900856ea193c06fe-1777456385669181827');\n                    },\n                    appear: function(element) {\n                        var $el = $(element);\n                        $el.addClass('milenia-visible').addClass($el.data('animation'));\n                    },\n                    reappear: false,\n                    bounds: -200\n                });\n            }\n        });\n    })(window.jQuery);\n<\/script>\n<div id=\"vc-milenia-section-heading-35ece227332b2c89900856ea193c06fe-1777456385669181827\" class=\"milenia-section-heading text-center  milenia-visible\" data-animation=\"none\">\n    <h6 class=\"milenia-section-subtitle milenia-font--like-body\" style=\"font-size: 14px;line-height: 20px;letter-spacing: 4.2px;margin-bottom: 10px;text-transform: uppercase;font-style: normal;font-weight: 400;\">Residence Goethe<\/h6>\n\n    <h2 class=\"milenia-section-title milenia-font--first-accented\" style=\"font-size: 52px;line-height: 58px;margin-bottom: 37px;text-transform: none;font-style: normal;font-weight: 400;\">Contatti Utili<\/h2>\n\n    \n<\/div>\n<!--================ End of Section Heading ================-->\n<script>\n    (function($){\n        'use strict';\n\n        var $container, $grid, $filter, $carousels, $dynamicBgElements;\n\n        if(!$) return;\n\n        $(function(){\n            \/\/ Check all necessary modules have been included\n\n            $container = $('#vc-milenia-blog-posts-container-a030465b4ef1a8a23ac162953470e53a-17774563851087574564');\n            if(!$container.length) return;\n            $grid = $container.find('.milenia-grid--isotope');\n            if(!$grid.length) return;\n            $filter = $('#vc-milenia-blog-posts-filter-5d6421228b195c9f4e0e43dc18a720d7-17774563851459535588');\n            $carousels = $container.find('.milenia-simple-slideshow--shortcode');\n\n            if(window.appear) {\n                appear({\n                    elements: function(){\n                        return document.querySelectorAll('#vc-milenia-blog-posts-container-a030465b4ef1a8a23ac162953470e53a-17774563851087574564');\n                    },\n                    appear: function(element) {\n                        var $el = $(element);\n                        $el.addClass('milenia-visible').addClass($el.data('animation'));\n                    },\n                    reappear: false,\n                    bounds: -200\n                });\n            }\n\n            if(window.Milenia && window.MileniaIsotopeWrapper && $.fn.isotope && $.fn.jQueryImagesLoaded) {\n                $container.jQueryImagesLoaded().then(function() {\n                    MileniaIsotopeWrapper.init($grid, {\n                        itemSelector: '.milenia-grid-item',\n                        transitionDuration: Milenia.ANIMATIONDURATION\n                    });\n                });\n            }\n\n            if(window.Milenia && window.Milenia.LinkUnderliner) {\n                window.Milenia.LinkUnderliner.init($container.find('a'));\n                if($filter.length) {\n                    window.Milenia.LinkUnderliner.init($filter.find('a'));\n                }\n            }\n\n            if(window.Milenia && window.Milenia.helpers &&  window.Milenia.helpers.dynamicBgImage) {\n                $dynamicBgElements = $container.find('[data-bg-image-src]');\n                if($dynamicBgElements.length) window.Milenia.helpers.dynamicBgImage($dynamicBgElements);\n            }\n\n            if($carousels.length && window.Milenia && window.Milenia.helpers && window.Milenia.helpers.owlSettings && $.fn.owlCarousel) {\n                $carousels.each(function(i,e) {\n                    $(e).owlCarousel(window.Milenia.helpers.owlSettings({\n                        margin: 1,\n                        loop: true,\n                        autoplay: $(e).hasClass('milenia-simple-slideshow--autoplay')\n                    }));\n                });\n            }\n            else if($carousels.length && $.fn.owlCarousel) {\n                $carousels.owlCarousel();\n            }\n        });\n    })(window.jQuery);\n<\/script>\n\n\n<!-- - - - - - - - - - - - - - Blog Posts - - - - - - - - - - - - - - - - -->\n<div id=\"vc-milenia-blog-posts-container-a030465b4ef1a8a23ac162953470e53a-17774563851087574564\" class=\"milenia-entities milenia-entities--style-6 milenia-entities--without-media milenia-visible\" data-animation=\"none\">\n    <div class=\"milenia-grid milenia-grid--isotope milenia-grid--shortcode milenia-grid--cols-2\"\n         data-isotope-filter=\"#vc-milenia-blog-posts-filter-5d6421228b195c9f4e0e43dc18a720d7-17774563851459535588\"\n         data-items-per-page=\"2\"\n         data-isotope-layout=\"grid\">\n        <div class=\"milenia-grid-sizer\"><\/div>\n        \n    <\/div>\n<\/div>\n<!-- - - - - - - - - - - - - - End of Blog Posts - - - - - - - - - - - - - - - - -->\n\n        <\/div>\n    <\/div>\n    <div class=\"milenia-colorizer-functionality\" data-bg-color=\"#f8f8f8\"  data-bg-image-opacity=\"1\"><\/div>\n    <script>\n        (function($){\n            'use strict';\n\n            if(!$) return;\n\n            $(function() {\n                var $container = $('#vc-milenia-flexible-grid-col-20cd09719c5f55c13f1cefa98116327c-1777456385297589658'), script, $colorizer;\n\n                if(!$container.length) return;\n\n                if(window.appear) {\n                    appear({\n                        elements: function(){\n                            return document.querySelectorAll('#vc-milenia-flexible-grid-col-20cd09719c5f55c13f1cefa98116327c-1777456385297589658');\n                        },\n                        appear: function(element) {\n                            var $el = $(element);\n                            $el.addClass('milenia-visible').addClass($el.data('animation'));\n                        },\n                        reappear: false,\n                        bounds: -200\n                    });\n                }\n\n                if($.Milenia && $.Milenia.helpers && $.Milenia.helpers.composerFlexibleGrid) {\n                    $.Milenia.helpers.composerFlexibleGrid.init($container);\n                }\n\n                script = $container.find('script');\n                $colorizer = $container.find('[class*=\"milenia-colorizer-\"]');\n\n                if(script.length) script.not(script.first()).remove();\n                if($colorizer.length) {\n                    $colorizer.not($colorizer.first()).remove();\n                    if(window.Milenia && window.Milenia.helpers && window.Milenia.helpers.Colorizer) window.Milenia.helpers.Colorizer.init($colorizer);\n                }\n            });\n        })(window.jQuery);\n    <\/script>\n<\/div>\n<!--================ End of Flexible Grid Column  ================-->\n\n<\/div>\n<!--================ End of Flexible Grid ================-->\n[\/vc_column][\/vc_row]<\/p>\n<\/div>","protected":false},"excerpt":{"rendered":"<p>[vc_row css=&#8221;.vc_custom_1538742114213{padding-top: 0px !important;padding-right: 0px !important;padding-bottom: 0px !important;padding-left: 0px !important;}&#8221;][vc_column][\/vc_column][\/vc_row][vc_row full_width=&#8221;stretch_row_content_no_spaces&#8221; css=&#8221;.vc_custom_1744094477888{padding-top: 60px !important;padding-bottom: 60px !important;background-color: #f8f8f8 !important;}&#8221;&#8230;<\/p>\n","protected":false},"author":1,"featured_media":0,"parent":0,"menu_order":0,"comment_status":"closed","ping_status":"closed","template":"","meta":{"footnotes":""},"class_list":["post-5266","page","type-page","status-publish","hentry"],"yoast_head":"<!-- This site is optimized with the Yoast SEO plugin v27.4 - https:\/\/yoast.com\/product\/yoast-seo-wordpress\/ -->\n<title>Residence Parco Lago di Garda Malcesine - RESIDENCE PARCO LAGO DI GARDA<\/title>\n<meta name=\"robots\" content=\"index, follow, max-snippet:-1, max-image-preview:large, max-video-preview:-1\" \/>\n<link rel=\"canonical\" href=\"https:\/\/parcolagodigarda.com\/en\/\" \/>\n<meta property=\"og:locale\" content=\"en_US\" \/>\n<meta property=\"og:type\" content=\"article\" \/>\n<meta property=\"og:title\" content=\"Residence Parco Lago di Garda Malcesine - RESIDENCE PARCO LAGO DI GARDA\" \/>\n<meta property=\"og:description\" content=\"[vc_row css=&#8221;.vc_custom_1538742114213{padding-top: 0px !important;padding-right: 0px !important;padding-bottom: 0px !important;padding-left: 0px !important;}&#8221;][vc_column][\/vc_column][\/vc_row][vc_row full_width=&#8221;stretch_row_content_no_spaces&#8221; css=&#8221;.vc_custom_1744094477888{padding-top: 60px !important;padding-bottom: 60px !important;background-color: #f8f8f8 !important;}&#8221;...\" \/>\n<meta property=\"og:url\" content=\"https:\/\/parcolagodigarda.com\/en\/\" \/>\n<meta property=\"og:site_name\" content=\"RESIDENCE PARCO LAGO DI GARDA\" \/>\n<meta property=\"article:modified_time\" content=\"2025-06-25T08:56:47+00:00\" \/>\n<meta name=\"twitter:card\" content=\"summary_large_image\" \/>\n<meta name=\"twitter:label1\" content=\"Est. reading time\" \/>\n\t<meta name=\"twitter:data1\" content=\"2 minutes\" \/>\n<script type=\"application\/ld+json\" class=\"yoast-schema-graph\">{\"@context\":\"https:\\\/\\\/schema.org\",\"@graph\":[{\"@type\":\"WebPage\",\"@id\":\"https:\\\/\\\/parcolagodigarda.com\\\/en\\\/\",\"url\":\"https:\\\/\\\/parcolagodigarda.com\\\/en\\\/\",\"name\":\"Residence Parco Lago di Garda Malcesine - RESIDENCE PARCO LAGO DI GARDA\",\"isPartOf\":{\"@id\":\"https:\\\/\\\/parcolagodigarda.com\\\/#website\"},\"datePublished\":\"2018-10-04T06:44:19+00:00\",\"dateModified\":\"2025-06-25T08:56:47+00:00\",\"breadcrumb\":{\"@id\":\"https:\\\/\\\/parcolagodigarda.com\\\/en\\\/#breadcrumb\"},\"inLanguage\":\"en-US\",\"potentialAction\":[{\"@type\":\"ReadAction\",\"target\":[\"https:\\\/\\\/parcolagodigarda.com\\\/en\\\/\"]}]},{\"@type\":\"BreadcrumbList\",\"@id\":\"https:\\\/\\\/parcolagodigarda.com\\\/en\\\/#breadcrumb\",\"itemListElement\":[{\"@type\":\"ListItem\",\"position\":1,\"name\":\"Home\",\"item\":\"https:\\\/\\\/parcolagodigarda.com\\\/en\\\/\"},{\"@type\":\"ListItem\",\"position\":2,\"name\":\"Residence Parco Lago di Garda Malcesine\"}]},{\"@type\":\"WebSite\",\"@id\":\"https:\\\/\\\/parcolagodigarda.com\\\/#website\",\"url\":\"https:\\\/\\\/parcolagodigarda.com\\\/\",\"name\":\"RESIDENCE PARCO LAGO DI GARDA\",\"description\":\"Malcesine - Lago di Garda\",\"potentialAction\":[{\"@type\":\"SearchAction\",\"target\":{\"@type\":\"EntryPoint\",\"urlTemplate\":\"https:\\\/\\\/parcolagodigarda.com\\\/?s={search_term_string}\"},\"query-input\":{\"@type\":\"PropertyValueSpecification\",\"valueRequired\":true,\"valueName\":\"search_term_string\"}}],\"inLanguage\":\"en-US\"}]}<\/script>\n<!-- \/ Yoast SEO plugin. -->","yoast_head_json":{"title":"Residence Parco Lago di Garda Malcesine - RESIDENCE PARCO LAGO DI GARDA","robots":{"index":"index","follow":"follow","max-snippet":"max-snippet:-1","max-image-preview":"max-image-preview:large","max-video-preview":"max-video-preview:-1"},"canonical":"https:\/\/parcolagodigarda.com\/en\/","og_locale":"en_US","og_type":"article","og_title":"Residence Parco Lago di Garda Malcesine - RESIDENCE PARCO LAGO DI GARDA","og_description":"[vc_row css=&#8221;.vc_custom_1538742114213{padding-top: 0px !important;padding-right: 0px !important;padding-bottom: 0px !important;padding-left: 0px !important;}&#8221;][vc_column][\/vc_column][\/vc_row][vc_row full_width=&#8221;stretch_row_content_no_spaces&#8221; css=&#8221;.vc_custom_1744094477888{padding-top: 60px !important;padding-bottom: 60px !important;background-color: #f8f8f8 !important;}&#8221;...","og_url":"https:\/\/parcolagodigarda.com\/en\/","og_site_name":"RESIDENCE PARCO LAGO DI GARDA","article_modified_time":"2025-06-25T08:56:47+00:00","twitter_card":"summary_large_image","twitter_misc":{"Est. reading time":"2 minutes"},"schema":{"@context":"https:\/\/schema.org","@graph":[{"@type":"WebPage","@id":"https:\/\/parcolagodigarda.com\/en\/","url":"https:\/\/parcolagodigarda.com\/en\/","name":"Residence Parco Lago di Garda Malcesine - RESIDENCE PARCO LAGO DI GARDA","isPartOf":{"@id":"https:\/\/parcolagodigarda.com\/#website"},"datePublished":"2018-10-04T06:44:19+00:00","dateModified":"2025-06-25T08:56:47+00:00","breadcrumb":{"@id":"https:\/\/parcolagodigarda.com\/en\/#breadcrumb"},"inLanguage":"en-US","potentialAction":[{"@type":"ReadAction","target":["https:\/\/parcolagodigarda.com\/en\/"]}]},{"@type":"BreadcrumbList","@id":"https:\/\/parcolagodigarda.com\/en\/#breadcrumb","itemListElement":[{"@type":"ListItem","position":1,"name":"Home","item":"https:\/\/parcolagodigarda.com\/en\/"},{"@type":"ListItem","position":2,"name":"Residence Parco Lago di Garda Malcesine"}]},{"@type":"WebSite","@id":"https:\/\/parcolagodigarda.com\/#website","url":"https:\/\/parcolagodigarda.com\/","name":"RESIDENCE PARCO LAGO DI GARDA","description":"Malcesine - Lago di Garda","potentialAction":[{"@type":"SearchAction","target":{"@type":"EntryPoint","urlTemplate":"https:\/\/parcolagodigarda.com\/?s={search_term_string}"},"query-input":{"@type":"PropertyValueSpecification","valueRequired":true,"valueName":"search_term_string"}}],"inLanguage":"en-US"}]}},"_links":{"self":[{"href":"https:\/\/parcolagodigarda.com\/en\/wp-json\/wp\/v2\/pages\/5266","targetHints":{"allow":["GET"]}}],"collection":[{"href":"https:\/\/parcolagodigarda.com\/en\/wp-json\/wp\/v2\/pages"}],"about":[{"href":"https:\/\/parcolagodigarda.com\/en\/wp-json\/wp\/v2\/types\/page"}],"author":[{"embeddable":true,"href":"https:\/\/parcolagodigarda.com\/en\/wp-json\/wp\/v2\/users\/1"}],"replies":[{"embeddable":true,"href":"https:\/\/parcolagodigarda.com\/en\/wp-json\/wp\/v2\/comments?post=5266"}],"version-history":[{"count":3,"href":"https:\/\/parcolagodigarda.com\/en\/wp-json\/wp\/v2\/pages\/5266\/revisions"}],"predecessor-version":[{"id":5272,"href":"https:\/\/parcolagodigarda.com\/en\/wp-json\/wp\/v2\/pages\/5266\/revisions\/5272"}],"wp:attachment":[{"href":"https:\/\/parcolagodigarda.com\/en\/wp-json\/wp\/v2\/media?parent=5266"}],"curies":[{"name":"wp","href":"https:\/\/api.w.org\/{rel}","templated":true}]}}